{"id":305473,"date":"2018-08-27T10:45:26","date_gmt":"2018-08-27T10:45:26","guid":{"rendered":"https:\/\/www.moderne-halle.de\/ort\/wohnanlage-am-lutherplatz\/"},"modified":"2018-10-26T10:49:11","modified_gmt":"2018-10-26T08:49:11","slug":"lutherplatz-estate-with-wasserturm-sued","status":"publish","type":"ort","link":"https:\/\/www.moderne-halle.de\/en\/place\/lutherplatz-estate-with-wasserturm-sued\/","title":{"rendered":"Lutherplatz estate with Wasserturm S\u00fcd"},"content":{"rendered":"<p>The estate on Lutherplatz is regarded as an impressive example of cooperative housing from the Weimar Republic. Between 1927 and 1936, two thousand flats were built here for workers and employees of the German Reich Railway.<\/p>\n<p>The architect Wilhelm Freise designed the estate in the form of a St Andrew\u2019s cross. Long, three- to four-storey stucco buildings boast striking triangular bays, stepped gables and art deco details. The buildings are connected by large basket arches which are decorated with sculptures by local sculptor Richard Horn.<\/p>\n<p>At the centre of the Luther Estate is the monumental South Water Tower, built by head of municipal planning, Wilhelm Jost. The 46-metre-high building is decagonal and houses a water tank with a capacity of two thousand cubic metres. Together with the nearby substation, the tower is one of Halle\u2019s most important industrial monuments.<\/p>\n","protected":false},"featured_media":174562,"template":"","ort_gruppe":[15],"acf":[],"yoast_head":"<!-- This site is optimized with the Yoast SEO plugin v20.6 - https:\/\/yoast.com\/wordpress\/plugins\/seo\/ -->\n<title>Lutherplatz estate with Wasserturm S\u00fcd - Halle und die Moderne<\/title>\n<meta name=\"robots\" content=\"index, follow, max-snippet:-1, max-image-preview:large, max-video-preview:-1\" \/>\n<link rel=\"canonical\" href=\"https:\/\/www.moderne-halle.de\/en\/place\/lutherplatz-estate-with-wasserturm-sued\/\" \/>\n<meta property=\"og:locale\" content=\"en_US\" \/>\n<meta property=\"og:type\" content=\"article\" \/>\n<meta property=\"og:title\" content=\"Lutherplatz estate with Wasserturm S\u00fcd - Halle und die Moderne\" \/>\n<meta property=\"og:description\" content=\"The estate on Lutherplatz is regarded as an impressive example of cooperative housing from the Weimar Republic. Between 1927 and 1936, two thousand flats were built here for workers and employees of the German Reich Railway. The architect Wilhelm Freise designed the estate in the form of a St Andrew\u2019s cross. Long, three- to four-storey [&hellip;]\" \/>\n<meta property=\"og:url\" content=\"https:\/\/www.moderne-halle.de\/en\/place\/lutherplatz-estate-with-wasserturm-sued\/\" \/>\n<meta property=\"og:site_name\" content=\"Halle und die Moderne\" \/>\n<meta property=\"article:modified_time\" content=\"2018-10-26T08:49:11+00:00\" \/>\n<meta property=\"og:image\" content=\"https:\/\/www.moderne-halle.de\/wp-content\/uploads\/2018\/09\/lutherplatz_halle.jpg\" \/>\n\t<meta property=\"og:image:width\" content=\"1016\" \/>\n\t<meta property=\"og:image:height\" content=\"673\" \/>\n\t<meta property=\"og:image:type\" content=\"image\/jpeg\" \/>\n<meta name=\"twitter:card\" content=\"summary_large_image\" \/>\n<meta name=\"twitter:label1\" content=\"Est. reading time\" \/>\n\t<meta name=\"twitter:data1\" content=\"1 minute\" \/>\n<script type=\"application\/ld+json\" class=\"yoast-schema-graph\">{\"@context\":\"https:\/\/schema.org\",\"@graph\":[{\"@type\":\"WebPage\",\"@id\":\"https:\/\/www.moderne-halle.de\/en\/place\/lutherplatz-estate-with-wasserturm-sued\/\",\"url\":\"https:\/\/www.moderne-halle.de\/en\/place\/lutherplatz-estate-with-wasserturm-sued\/\",\"name\":\"Lutherplatz estate with Wasserturm S\u00fcd - Halle und die Moderne\",\"isPartOf\":{\"@id\":\"https:\/\/www.moderne-halle.de\/#website\"},\"datePublished\":\"2018-08-27T10:45:26+00:00\",\"dateModified\":\"2018-10-26T08:49:11+00:00\",\"breadcrumb\":{\"@id\":\"https:\/\/www.moderne-halle.de\/en\/place\/lutherplatz-estate-with-wasserturm-sued\/#breadcrumb\"},\"inLanguage\":\"en-US\",\"potentialAction\":[{\"@type\":\"ReadAction\",\"target\":[\"https:\/\/www.moderne-halle.de\/en\/place\/lutherplatz-estate-with-wasserturm-sued\/\"]}]},{\"@type\":\"BreadcrumbList\",\"@id\":\"https:\/\/www.moderne-halle.de\/en\/place\/lutherplatz-estate-with-wasserturm-sued\/#breadcrumb\",\"itemListElement\":[{\"@type\":\"ListItem\",\"position\":1,\"name\":\"Startseite\",\"item\":\"https:\/\/www.moderne-halle.de\/en\/\"},{\"@type\":\"ListItem\",\"position\":2,\"name\":\"Lutherplatz estate with Wasserturm S\u00fcd\"}]},{\"@type\":\"WebSite\",\"@id\":\"https:\/\/www.moderne-halle.de\/#website\",\"url\":\"https:\/\/www.moderne-halle.de\/\",\"name\":\"Halle und die Moderne\",\"description\":\"\",\"publisher\":{\"@id\":\"https:\/\/www.moderne-halle.de\/#organization\"},\"potentialAction\":[{\"@type\":\"SearchAction\",\"target\":{\"@type\":\"EntryPoint\",\"urlTemplate\":\"https:\/\/www.moderne-halle.de\/?s={search_term_string}\"},\"query-input\":\"required name=search_term_string\"}],\"inLanguage\":\"en-US\"},{\"@type\":\"Organization\",\"@id\":\"https:\/\/www.moderne-halle.de\/#organization\",\"name\":\"Halle und die Moderne\",\"url\":\"https:\/\/www.moderne-halle.de\/\",\"logo\":{\"@type\":\"ImageObject\",\"inLanguage\":\"en-US\",\"@id\":\"https:\/\/www.moderne-halle.de\/#\/schema\/logo\/image\/\",\"url\":\"https:\/\/www.moderne-halle.de\/wp-content\/uploads\/2018\/06\/cropped-Startseite_Moderne_Plattform_Header.png\",\"contentUrl\":\"https:\/\/www.moderne-halle.de\/wp-content\/uploads\/2018\/06\/cropped-Startseite_Moderne_Plattform_Header.png\",\"width\":421,\"height\":100,\"caption\":\"Halle und die Moderne\"},\"image\":{\"@id\":\"https:\/\/www.moderne-halle.de\/#\/schema\/logo\/image\/\"}}]}<\/script>\n<!-- \/ Yoast SEO plugin. -->","yoast_head_json":{"title":"Lutherplatz estate with Wasserturm S\u00fcd - Halle und die Moderne","robots":{"index":"index","follow":"follow","max-snippet":"max-snippet:-1","max-image-preview":"max-image-preview:large","max-video-preview":"max-video-preview:-1"},"canonical":"https:\/\/www.moderne-halle.de\/en\/place\/lutherplatz-estate-with-wasserturm-sued\/","og_locale":"en_US","og_type":"article","og_title":"Lutherplatz estate with Wasserturm S\u00fcd - Halle und die Moderne","og_description":"The estate on Lutherplatz is regarded as an impressive example of cooperative housing from the Weimar Republic. Between 1927 and 1936, two thousand flats were built here for workers and employees of the German Reich Railway. The architect Wilhelm Freise designed the estate in the form of a St Andrew\u2019s cross. Long, three- to four-storey [&hellip;]","og_url":"https:\/\/www.moderne-halle.de\/en\/place\/lutherplatz-estate-with-wasserturm-sued\/","og_site_name":"Halle und die Moderne","article_modified_time":"2018-10-26T08:49:11+00:00","og_image":[{"width":1016,"height":673,"url":"https:\/\/www.moderne-halle.de\/wp-content\/uploads\/2018\/09\/lutherplatz_halle.jpg","type":"image\/jpeg"}],"twitter_card":"summary_large_image","twitter_misc":{"Est. reading time":"1 minute"},"schema":{"@context":"https:\/\/schema.org","@graph":[{"@type":"WebPage","@id":"https:\/\/www.moderne-halle.de\/en\/place\/lutherplatz-estate-with-wasserturm-sued\/","url":"https:\/\/www.moderne-halle.de\/en\/place\/lutherplatz-estate-with-wasserturm-sued\/","name":"Lutherplatz estate with Wasserturm S\u00fcd - Halle und die Moderne","isPartOf":{"@id":"https:\/\/www.moderne-halle.de\/#website"},"datePublished":"2018-08-27T10:45:26+00:00","dateModified":"2018-10-26T08:49:11+00:00","breadcrumb":{"@id":"https:\/\/www.moderne-halle.de\/en\/place\/lutherplatz-estate-with-wasserturm-sued\/#breadcrumb"},"inLanguage":"en-US","potentialAction":[{"@type":"ReadAction","target":["https:\/\/www.moderne-halle.de\/en\/place\/lutherplatz-estate-with-wasserturm-sued\/"]}]},{"@type":"BreadcrumbList","@id":"https:\/\/www.moderne-halle.de\/en\/place\/lutherplatz-estate-with-wasserturm-sued\/#breadcrumb","itemListElement":[{"@type":"ListItem","position":1,"name":"Startseite","item":"https:\/\/www.moderne-halle.de\/en\/"},{"@type":"ListItem","position":2,"name":"Lutherplatz estate with Wasserturm S\u00fcd"}]},{"@type":"WebSite","@id":"https:\/\/www.moderne-halle.de\/#website","url":"https:\/\/www.moderne-halle.de\/","name":"Halle und die Moderne","description":"","publisher":{"@id":"https:\/\/www.moderne-halle.de\/#organization"},"potentialAction":[{"@type":"SearchAction","target":{"@type":"EntryPoint","urlTemplate":"https:\/\/www.moderne-halle.de\/?s={search_term_string}"},"query-input":"required name=search_term_string"}],"inLanguage":"en-US"},{"@type":"Organization","@id":"https:\/\/www.moderne-halle.de\/#organization","name":"Halle und die Moderne","url":"https:\/\/www.moderne-halle.de\/","logo":{"@type":"ImageObject","inLanguage":"en-US","@id":"https:\/\/www.moderne-halle.de\/#\/schema\/logo\/image\/","url":"https:\/\/www.moderne-halle.de\/wp-content\/uploads\/2018\/06\/cropped-Startseite_Moderne_Plattform_Header.png","contentUrl":"https:\/\/www.moderne-halle.de\/wp-content\/uploads\/2018\/06\/cropped-Startseite_Moderne_Plattform_Header.png","width":421,"height":100,"caption":"Halle und die Moderne"},"image":{"@id":"https:\/\/www.moderne-halle.de\/#\/schema\/logo\/image\/"}}]}},"fields":{"kennziffer":"2","erbaut":"1927\u201329","architekt":3619,"langengrad":"51.4660412","breitengrad":"11.9771721","adressen":[{"adresse":"Lutherplatz 1\u201313, Lutherstra\u00dfe 1\u20134, 58\u201364, 80, 80a, 80b, 81\u201384, Beethovenstra\u00dfe 1\u201314, Brucknerstra\u00dfe 11\u201318, Ernst-Eckstein- Stra\u00dfe 1\u20132, Liebenauer Stra\u00dfe 50\u201361, 143\u2013145, T\u00fcrkstra\u00dfe 1, Turmstra\u00dfe 45\u201349, 101\u2013106"}],"audio":{"ID":326949,"id":326949,"title":"02 Lutherplatz estate with Wasserturm Sued","filename":"02-Lutherplatz-estate-with-Wasserturm-Sued.mp3","filesize":1499936,"url":"https:\/\/www.moderne-halle.de\/wp-content\/uploads\/2018\/10\/02-Lutherplatz-estate-with-Wasserturm-Sued.mp3","link":"https:\/\/www.moderne-halle.de\/en\/place\/lutherplatz-estate-with-wasserturm-sued\/02-lutherplatz-estate-with-wasserturm-sued\/","alt":"","author":"1","description":"\"02 Lutherplatz estate with Wasserturm Sued\".","caption":"","name":"02-lutherplatz-estate-with-wasserturm-sued","status":"inherit","uploaded_to":305473,"date":"2018-10-23 16:20:45","modified":"2018-10-24 09:38:15","menu_order":0,"mime_type":"audio\/mpeg","type":"audio","subtype":"mpeg","icon":"https:\/\/www.moderne-halle.de\/wp-includes\/images\/media\/audio.png"},"galerie":[{"ID":174562,"id":174562,"title":"lutherplatz_halle","filename":"lutherplatz_halle.jpg","filesize":212630,"url":"https:\/\/www.moderne-halle.de\/wp-content\/uploads\/2018\/09\/lutherplatz_halle.jpg","link":"https:\/\/www.moderne-halle.de\/en\/lutherplatz_halle-2\/","alt":"","author":"1","description":"\u00a9 Stadtarchiv Halle","caption":"View of Lutherplatz estate, water tower south in the backround","name":"lutherplatz_halle-2","status":"inherit","uploaded_to":0,"date":"2018-09-20 11:30:21","modified":"2018-11-14 22:27:10","menu_order":0,"mime_type":"image\/jpeg","type":"image","subtype":"jpeg","icon":"https:\/\/www.moderne-halle.de\/wp-includes\/images\/media\/default.png","width":1016,"height":673,"sizes":{"thumbnail":"https:\/\/www.moderne-halle.de\/wp-content\/uploads\/2018\/09\/lutherplatz_halle-150x150.jpg","thumbnail-width":150,"thumbnail-height":150,"medium":"https:\/\/www.moderne-halle.de\/wp-content\/uploads\/2018\/09\/lutherplatz_halle-300x199.jpg","medium-width":300,"medium-height":199,"medium_large":"https:\/\/www.moderne-halle.de\/wp-content\/uploads\/2018\/09\/lutherplatz_halle-768x509.jpg","medium_large-width":768,"medium_large-height":509,"large":"https:\/\/www.moderne-halle.de\/wp-content\/uploads\/2018\/09\/lutherplatz_halle.jpg","large-width":1016,"large-height":673,"1536x1536":"https:\/\/www.moderne-halle.de\/wp-content\/uploads\/2018\/09\/lutherplatz_halle.jpg","1536x1536-width":1016,"1536x1536-height":673,"2048x2048":"https:\/\/www.moderne-halle.de\/wp-content\/uploads\/2018\/09\/lutherplatz_halle.jpg","2048x2048-width":1016,"2048x2048-height":673,"post-thumbnail":"https:\/\/www.moderne-halle.de\/wp-content\/uploads\/2018\/09\/lutherplatz_halle-150x150.jpg","post-thumbnail-width":150,"post-thumbnail-height":150,"category-thumb":"https:\/\/www.moderne-halle.de\/wp-content\/uploads\/2018\/09\/lutherplatz_halle-300x199.jpg","category-thumb-width":300,"category-thumb-height":199,"sow-carousel-default":"https:\/\/www.moderne-halle.de\/wp-content\/uploads\/2018\/09\/lutherplatz_halle.jpg","sow-carousel-default-width":272,"sow-carousel-default-height":180}},{"ID":174556,"id":174556,"title":"luftbild_lutherplatz_halle","filename":"luftbild_lutherplatz_halle.jpg","filesize":258324,"url":"https:\/\/www.moderne-halle.de\/wp-content\/uploads\/2018\/09\/luftbild_lutherplatz_halle.jpg","link":"https:\/\/www.moderne-halle.de\/en\/luftbild_lutherplatz_halle-2\/","alt":"","author":"1","description":"\u00a9 Historische Postkarten, Stadtarchiv Halle","caption":"Aerial photograph of Lutherplatz, around 1930","name":"luftbild_lutherplatz_halle-2","status":"inherit","uploaded_to":0,"date":"2018-09-20 11:30:18","modified":"2018-11-14 22:26:32","menu_order":0,"mime_type":"image\/jpeg","type":"image","subtype":"jpeg","icon":"https:\/\/www.moderne-halle.de\/wp-includes\/images\/media\/default.png","width":1016,"height":673,"sizes":{"thumbnail":"https:\/\/www.moderne-halle.de\/wp-content\/uploads\/2018\/09\/luftbild_lutherplatz_halle-150x150.jpg","thumbnail-width":150,"thumbnail-height":150,"medium":"https:\/\/www.moderne-halle.de\/wp-content\/uploads\/2018\/09\/luftbild_lutherplatz_halle-300x199.jpg","medium-width":300,"medium-height":199,"medium_large":"https:\/\/www.moderne-halle.de\/wp-content\/uploads\/2018\/09\/luftbild_lutherplatz_halle-768x509.jpg","medium_large-width":768,"medium_large-height":509,"large":"https:\/\/www.moderne-halle.de\/wp-content\/uploads\/2018\/09\/luftbild_lutherplatz_halle.jpg","large-width":1016,"large-height":673,"1536x1536":"https:\/\/www.moderne-halle.de\/wp-content\/uploads\/2018\/09\/luftbild_lutherplatz_halle.jpg","1536x1536-width":1016,"1536x1536-height":673,"2048x2048":"https:\/\/www.moderne-halle.de\/wp-content\/uploads\/2018\/09\/luftbild_lutherplatz_halle.jpg","2048x2048-width":1016,"2048x2048-height":673,"post-thumbnail":"https:\/\/www.moderne-halle.de\/wp-content\/uploads\/2018\/09\/luftbild_lutherplatz_halle-150x150.jpg","post-thumbnail-width":150,"post-thumbnail-height":150,"category-thumb":"https:\/\/www.moderne-halle.de\/wp-content\/uploads\/2018\/09\/luftbild_lutherplatz_halle-300x199.jpg","category-thumb-width":300,"category-thumb-height":199,"sow-carousel-default":"https:\/\/www.moderne-halle.de\/wp-content\/uploads\/2018\/09\/luftbild_lutherplatz_halle.jpg","sow-carousel-default-width":272,"sow-carousel-default-height":180}},{"ID":174564,"id":174564,"title":"lutherplatz_wohnbebauung_halle","filename":"lutherplatz_wohnbebauung_halle.jpg","filesize":249672,"url":"https:\/\/www.moderne-halle.de\/wp-content\/uploads\/2018\/09\/lutherplatz_wohnbebauung_halle.jpg","link":"https:\/\/www.moderne-halle.de\/en\/lutherplatz_wohnbebauung_halle-2\/","alt":"","author":"1","description":"\u00a9 Photo-Pieperhoff, Stadtarchiv Halle","caption":"View of the three and four storey residential buildings of Lutherplatz with distinctive triangular bay windows and gateway","name":"lutherplatz_wohnbebauung_halle-2","status":"inherit","uploaded_to":0,"date":"2018-09-20 11:30:22","modified":"2018-11-14 22:27:19","menu_order":0,"mime_type":"image\/jpeg","type":"image","subtype":"jpeg","icon":"https:\/\/www.moderne-halle.de\/wp-includes\/images\/media\/default.png","width":1016,"height":673,"sizes":{"thumbnail":"https:\/\/www.moderne-halle.de\/wp-content\/uploads\/2018\/09\/lutherplatz_wohnbebauung_halle-150x150.jpg","thumbnail-width":150,"thumbnail-height":150,"medium":"https:\/\/www.moderne-halle.de\/wp-content\/uploads\/2018\/09\/lutherplatz_wohnbebauung_halle-300x199.jpg","medium-width":300,"medium-height":199,"medium_large":"https:\/\/www.moderne-halle.de\/wp-content\/uploads\/2018\/09\/lutherplatz_wohnbebauung_halle-768x509.jpg","medium_large-width":768,"medium_large-height":509,"large":"https:\/\/www.moderne-halle.de\/wp-content\/uploads\/2018\/09\/lutherplatz_wohnbebauung_halle.jpg","large-width":1016,"large-height":673,"1536x1536":"https:\/\/www.moderne-halle.de\/wp-content\/uploads\/2018\/09\/lutherplatz_wohnbebauung_halle.jpg","1536x1536-width":1016,"1536x1536-height":673,"2048x2048":"https:\/\/www.moderne-halle.de\/wp-content\/uploads\/2018\/09\/lutherplatz_wohnbebauung_halle.jpg","2048x2048-width":1016,"2048x2048-height":673,"post-thumbnail":"https:\/\/www.moderne-halle.de\/wp-content\/uploads\/2018\/09\/lutherplatz_wohnbebauung_halle-150x150.jpg","post-thumbnail-width":150,"post-thumbnail-height":150,"category-thumb":"https:\/\/www.moderne-halle.de\/wp-content\/uploads\/2018\/09\/lutherplatz_wohnbebauung_halle-300x199.jpg","category-thumb-width":300,"category-thumb-height":199,"sow-carousel-default":"https:\/\/www.moderne-halle.de\/wp-content\/uploads\/2018\/09\/lutherplatz_wohnbebauung_halle.jpg","sow-carousel-default-width":272,"sow-carousel-default-height":180}},{"ID":174528,"id":174528,"title":"innenansicht_wasserturm_sued_halle","filename":"innenansicht_wasserturm_sued_halle.jpg","filesize":194570,"url":"https:\/\/www.moderne-halle.de\/wp-content\/uploads\/2018\/09\/innenansicht_wasserturm_sued_halle.jpg","link":"https:\/\/www.moderne-halle.de\/en\/innenansicht_wasserturm_sued_halle-2\/","alt":"","author":"1","description":"\u00a9 Hans Finsler, Hans Finsler collection, Stadtarchiv Halle","caption":"Interior view water tower south, approx. 1927","name":"innenansicht_wasserturm_sued_halle-2","status":"inherit","uploaded_to":0,"date":"2018-09-20 11:29:59","modified":"2018-11-14 22:23:57","menu_order":0,"mime_type":"image\/jpeg","type":"image","subtype":"jpeg","icon":"https:\/\/www.moderne-halle.de\/wp-includes\/images\/media\/default.png","width":673,"height":1016,"sizes":{"thumbnail":"https:\/\/www.moderne-halle.de\/wp-content\/uploads\/2018\/09\/innenansicht_wasserturm_sued_halle-150x150.jpg","thumbnail-width":150,"thumbnail-height":150,"medium":"https:\/\/www.moderne-halle.de\/wp-content\/uploads\/2018\/09\/innenansicht_wasserturm_sued_halle-199x300.jpg","medium-width":199,"medium-height":300,"medium_large":"https:\/\/www.moderne-halle.de\/wp-content\/uploads\/2018\/09\/innenansicht_wasserturm_sued_halle.jpg","medium_large-width":673,"medium_large-height":1016,"large":"https:\/\/www.moderne-halle.de\/wp-content\/uploads\/2018\/09\/innenansicht_wasserturm_sued_halle.jpg","large-width":673,"large-height":1016,"1536x1536":"https:\/\/www.moderne-halle.de\/wp-content\/uploads\/2018\/09\/innenansicht_wasserturm_sued_halle.jpg","1536x1536-width":673,"1536x1536-height":1016,"2048x2048":"https:\/\/www.moderne-halle.de\/wp-content\/uploads\/2018\/09\/innenansicht_wasserturm_sued_halle.jpg","2048x2048-width":673,"2048x2048-height":1016,"post-thumbnail":"https:\/\/www.moderne-halle.de\/wp-content\/uploads\/2018\/09\/innenansicht_wasserturm_sued_halle-150x150.jpg","post-thumbnail-width":150,"post-thumbnail-height":150,"category-thumb":"https:\/\/www.moderne-halle.de\/wp-content\/uploads\/2018\/09\/innenansicht_wasserturm_sued_halle-300x453.jpg","category-thumb-width":300,"category-thumb-height":453,"sow-carousel-default":"https:\/\/www.moderne-halle.de\/wp-content\/uploads\/2018\/09\/innenansicht_wasserturm_sued_halle.jpg","sow-carousel-default-width":121,"sow-carousel-default-height":182}},{"ID":174526,"id":174526,"title":"innen_wasserturm_sued_halle","filename":"innen_wasserturm_sued_halle.jpg","filesize":161275,"url":"https:\/\/www.moderne-halle.de\/wp-content\/uploads\/2018\/09\/innen_wasserturm_sued_halle.jpg","link":"https:\/\/www.moderne-halle.de\/en\/innen_wasserturm_sued_halle-2\/","alt":"","author":"1","description":"\u00a9 Stadtarchiv Halle","caption":"Interior view water tower south, approx. 1927","name":"innen_wasserturm_sued_halle-2","status":"inherit","uploaded_to":0,"date":"2018-09-20 11:29:58","modified":"2018-11-14 22:23:28","menu_order":0,"mime_type":"image\/jpeg","type":"image","subtype":"jpeg","icon":"https:\/\/www.moderne-halle.de\/wp-includes\/images\/media\/default.png","width":1016,"height":673,"sizes":{"thumbnail":"https:\/\/www.moderne-halle.de\/wp-content\/uploads\/2018\/09\/innen_wasserturm_sued_halle-150x150.jpg","thumbnail-width":150,"thumbnail-height":150,"medium":"https:\/\/www.moderne-halle.de\/wp-content\/uploads\/2018\/09\/innen_wasserturm_sued_halle-300x199.jpg","medium-width":300,"medium-height":199,"medium_large":"https:\/\/www.moderne-halle.de\/wp-content\/uploads\/2018\/09\/innen_wasserturm_sued_halle-768x509.jpg","medium_large-width":768,"medium_large-height":509,"large":"https:\/\/www.moderne-halle.de\/wp-content\/uploads\/2018\/09\/innen_wasserturm_sued_halle.jpg","large-width":1016,"large-height":673,"1536x1536":"https:\/\/www.moderne-halle.de\/wp-content\/uploads\/2018\/09\/innen_wasserturm_sued_halle.jpg","1536x1536-width":1016,"1536x1536-height":673,"2048x2048":"https:\/\/www.moderne-halle.de\/wp-content\/uploads\/2018\/09\/innen_wasserturm_sued_halle.jpg","2048x2048-width":1016,"2048x2048-height":673,"post-thumbnail":"https:\/\/www.moderne-halle.de\/wp-content\/uploads\/2018\/09\/innen_wasserturm_sued_halle-150x150.jpg","post-thumbnail-width":150,"post-thumbnail-height":150,"category-thumb":"https:\/\/www.moderne-halle.de\/wp-content\/uploads\/2018\/09\/innen_wasserturm_sued_halle-300x199.jpg","category-thumb-width":300,"category-thumb-height":199,"sow-carousel-default":"https:\/\/www.moderne-halle.de\/wp-content\/uploads\/2018\/09\/innen_wasserturm_sued_halle.jpg","sow-carousel-default-width":272,"sow-carousel-default-height":180}},{"ID":174640,"id":174640,"title":"wasserturm_sued_halle","filename":"wasserturm_sued_halle.jpg","filesize":275509,"url":"https:\/\/www.moderne-halle.de\/wp-content\/uploads\/2018\/09\/wasserturm_sued_halle.jpg","link":"https:\/\/www.moderne-halle.de\/en\/wasserturm_sued_halle-2\/","alt":"","author":"1","description":"\u00a9 Walter Danz, Walter Danz collection, Stadtarchiv Halle","caption":"Water tower south, 1950s","name":"wasserturm_sued_halle-2","status":"inherit","uploaded_to":0,"date":"2018-09-20 11:31:02","modified":"2018-11-14 22:33:39","menu_order":0,"mime_type":"image\/jpeg","type":"image","subtype":"jpeg","icon":"https:\/\/www.moderne-halle.de\/wp-includes\/images\/media\/default.png","width":1016,"height":673,"sizes":{"thumbnail":"https:\/\/www.moderne-halle.de\/wp-content\/uploads\/2018\/09\/wasserturm_sued_halle-150x150.jpg","thumbnail-width":150,"thumbnail-height":150,"medium":"https:\/\/www.moderne-halle.de\/wp-content\/uploads\/2018\/09\/wasserturm_sued_halle-300x199.jpg","medium-width":300,"medium-height":199,"medium_large":"https:\/\/www.moderne-halle.de\/wp-content\/uploads\/2018\/09\/wasserturm_sued_halle-768x509.jpg","medium_large-width":768,"medium_large-height":509,"large":"https:\/\/www.moderne-halle.de\/wp-content\/uploads\/2018\/09\/wasserturm_sued_halle.jpg","large-width":1016,"large-height":673,"1536x1536":"https:\/\/www.moderne-halle.de\/wp-content\/uploads\/2018\/09\/wasserturm_sued_halle.jpg","1536x1536-width":1016,"1536x1536-height":673,"2048x2048":"https:\/\/www.moderne-halle.de\/wp-content\/uploads\/2018\/09\/wasserturm_sued_halle.jpg","2048x2048-width":1016,"2048x2048-height":673,"post-thumbnail":"https:\/\/www.moderne-halle.de\/wp-content\/uploads\/2018\/09\/wasserturm_sued_halle-150x150.jpg","post-thumbnail-width":150,"post-thumbnail-height":150,"category-thumb":"https:\/\/www.moderne-halle.de\/wp-content\/uploads\/2018\/09\/wasserturm_sued_halle-300x199.jpg","category-thumb-width":300,"category-thumb-height":199,"sow-carousel-default":"https:\/\/www.moderne-halle.de\/wp-content\/uploads\/2018\/09\/wasserturm_sued_halle.jpg","sow-carousel-default-width":272,"sow-carousel-default-height":180}}],"video":{"ID":327103,"id":327103,"title":"mobil_Luthersiedlung_und_Wasserturm_Sued_englisch","filename":"mobil_Luthersiedlung_und_Wasserturm_Sued_englisch.mp4","filesize":46787450,"url":"https:\/\/www.moderne-halle.de\/wp-content\/uploads\/filme\/en\/mobil_Luthersiedlung_und_Wasserturm_Sued_englisch.mp4","link":"https:\/\/www.moderne-halle.de\/en\/mobil_luthersiedlung_und_wasserturm_sued_englisch-2\/","alt":"","author":"1","description":"","caption":"","name":"mobil_luthersiedlung_und_wasserturm_sued_englisch-2","status":"inherit","uploaded_to":0,"date":"2018-10-26 10:38:16","modified":"2018-10-26 10:40:03","menu_order":0,"mime_type":"video\/mp4","type":"video","subtype":"mp4","icon":"https:\/\/www.moderne-halle.de\/wp-includes\/images\/media\/video.png","width":1920,"height":1080},"detail_titel":"Wohnanlage am Lutherplatz mit Wasserturm S\u00fcd","erbaut_ausblenden":false,"architekt_ausblenden":false,"hat_weitere_architekten":true,"zusatzfelder":false,"video-poster":"https:\/\/www.moderne-halle.de\/wp-content\/uploads\/2018\/10\/poster_luthersiedlung_wasserturm.jpg","weitere_architekten":"Wilhelm Freise and Oskar Muy"},"thumbnail_url":"https:\/\/www.moderne-halle.de\/wp-content\/uploads\/2018\/09\/lutherplatz_halle-150x150.jpg","_links":{"self":[{"href":"https:\/\/www.moderne-halle.de\/en\/wp-json\/wp\/v2\/ort\/305473"}],"collection":[{"href":"https:\/\/www.moderne-halle.de\/en\/wp-json\/wp\/v2\/ort"}],"about":[{"href":"https:\/\/www.moderne-halle.de\/en\/wp-json\/wp\/v2\/types\/ort"}],"wp:featuredmedia":[{"embeddable":true,"href":"https:\/\/www.moderne-halle.de\/en\/wp-json\/wp\/v2\/media\/174562"}],"wp:attachment":[{"href":"https:\/\/www.moderne-halle.de\/en\/wp-json\/wp\/v2\/media?parent=305473"}],"wp:term":[{"taxonomy":"ort_gruppe","embeddable":true,"href":"https:\/\/www.moderne-halle.de\/en\/wp-json\/wp\/v2\/ort_gruppe?post=305473"}],"curies":[{"name":"wp","href":"https:\/\/api.w.org\/{rel}","templated":true}]}}